{"id":868,"date":"2019-04-04T08:57:12","date_gmt":"2019-04-04T08:57:12","guid":{"rendered":"http:\/\/diamnd-blackfan-ev-ansicht.advosbrand.de\/?page_id=868"},"modified":"2021-02-22T13:53:08","modified_gmt":"2021-02-22T13:53:08","slug":"datenschutz","status":"publish","type":"page","link":"https:\/\/diamond-blackfan.de\/?page_id=868","title":{"rendered":"Datenschutz"},"content":{"rendered":"\t\t<div data-elementor-type=\"wp-post\" data-elementor-id=\"868\" class=\"elementor elementor-868\">\n\t\t\t\t\t\t<section class=\"elementor-section elementor-top-section elementor-element elementor-element-630c51d elementor-section-boxed elementor-section-height-default elementor-section-height-default\" data-id=\"630c51d\" data-element_type=\"section\">\n\t\t\t\t\t\t<div class=\"elementor-container elementor-column-gap-default\">\n\t\t\t\t\t<div class=\"elementor-column elementor-col-100 elementor-top-column elementor-element elementor-element-9f2cfce\" data-id=\"9f2cfce\" data-element_type=\"column\">\n\t\t\t<div class=\"elementor-widget-wrap elementor-element-populated\">\n\t\t\t\t\t\t<div class=\"elementor-element elementor-element-20302cb elementor-widget elementor-widget-heading\" data-id=\"20302cb\" data-element_type=\"widget\" data-widget_type=\"heading.default\">\n\t\t\t\t<div class=\"elementor-widget-container\">\n\t\t\t\t\t<h3 class=\"elementor-heading-title elementor-size-large\">Datenschutzerkl\u00e4rung<\/h3>\t\t\t\t<\/div>\n\t\t\t\t<\/div>\n\t\t\t\t<div class=\"elementor-element elementor-element-14e7e2d elementor-widget elementor-widget-text-editor\" data-id=\"14e7e2d\" data-element_type=\"widget\" data-widget_type=\"text-editor.default\">\n\t\t\t\t<div class=\"elementor-widget-container\">\n\t\t\t\t\t\t\t\t\t<p>Datenschutz ist uns ein besonders wichtiges Anliegen, und selbstverst\u00e4ndlich halten wir uns an die geltenden datenschutzrechtlichen Vorgaben. Wir m\u00f6chten Sie daher nachfolgend \u00fcber die mit dem Besuch dieser Website verbundene Verarbeitung von personenbezogenen Daten aufkl\u00e4ren und Sie \u00fcber Ihre entsprechenden Rechte informieren:<\/p>\n<p><b>Verantwortlicher f\u00fcr die Datenverarbeitung:<\/b><br>\nVerantwortlicher im Sinne des Datenschutzgesetzes Art. 4 Nr. 7 DSGVO ist die:<br>\nDiamond &#8211; Blackfan \u2014 An\u00e4mie Selbsthilfe Deutschland e.V.<br>\nBerliner Stra\u00dfe 40<br>\n16321 Bernau<\/p>\n<p><b>Ansprechpartner bei Fragen zur Erhebung, Verarbeitung und Nutzung von personenbezogenen Daten:<\/b><br>\nDiamond &#8211; Blackfan \u2014 An\u00e4mie Selbsthilfe Deutschland e.V.<br>\nMichael von Eicken (Webmaster)<br>\nKontakt: <a href=\"mailto:webmaster@diamond-blackfan.de\">webmaster@diamond-blackfan.de<\/a><\/p>\n<p><b>Welche Daten werden erfasst und verarbeitet?<\/b><br>\nBeim Besuch unserer Website werden auf verschiedene Weise personenbezogene Daten der Nutzer erfasst. Personenbezogene Daten sind solche Daten, mit denen eine nat\u00fcrliche Person identifiziert werden kann. Dazu geh\u00f6ren beispielsweise der Name des Betroffenen, seine Wohnadresse, seine Telefonnummer oder auch sein Geburtsdatum.<\/p>\n<p>Wenn Sie unsere Seite aufrufen, werden durch Ihren Browser automatisch Informationen an den Server unserer Website gesendet, sog. Zugriffsdaten bzw. Server-Logfiles, wie z.B. der verwendete Webbrowser und das verwendete Betriebssystem, der Domain-Name Ihre Internet-Providers, Ihre IP-Adresse oder auch der sog. Zeitstempel, also der genaue Zeitpunkt und die Dauer Ihres Besuchs. Diese Daten m\u00fcssen notwendigerweise erfasst werden, um technisch eine Darstellung und Verbindung herzustellen. Eine Datenauswertung erfolgt jedoch nicht, auch nicht in anonymisierter Form.<\/p>\n<p>Dar\u00fcber hinaus erfassen wir diejenigen personenbezogenen Daten, die Sie selbst bewusst auf unserer Homepage angeben, etwa durch Nutzung unseres Antragsformulars oder Fragebogens f\u00fcr eine Mitgliedschaft. Die Verwendung unseres Kontaktformulars\/Fragebogens ist jedoch nicht mit einer Speicherung personenbezogener Daten auf unserem Server verbunden; das Formular wird als Download zur Verf\u00fcgung gestellt und kann per E-Mail an uns gesendet werden.<\/p>\n<p><b>Zusammenfassend handelt es sich um folgende Kategorien von Daten:<\/b><br>\nKommunikationsdaten (Ger\u00e4te-Informationen, IP-Adresse)<br>\nNutzungsdaten (besuchte Website, Nutzungsdauer etc.)<br>\nKontaktdaten:<br>\nBei Nutzung der hinterlegten Kontakt-E-Mail-Adressen und Zusendung einer E-Mail:<br>\nIhr Name und ihre E-Mail-Adresse.<br>\nF\u00fcr den Besuch der internen Mitgliederseite oder des Forums:<br>\nE-Mail-Adresse, Name und inhaltliche Daten (Kommentare, eingestellte Fotos oder Texte) oder bei Nutzung des Antragsformulars\/Fragebogens und Zusendung per E-Mail die enthaltenen Informationen.<\/p>\n<p><b>Rechtsgrundlage f\u00fcr die Verarbeitung:<\/b><br>\nAls ma\u00dfgebliche Rechtsgrundlagen f\u00fcr die Zul\u00e4ssigkeit der Verarbeitung dienen die EU-Datenschutzgrundverordnung vom 27.04.2016 sowie das Bundesdatenschutzgesetz i.d.F. v. 30.06.2017. Die Rechtm\u00e4\u00dfigkeit der Datenerfassung ergibt sich aus Art. 6 DSGVO. Soweit die Datenverarbeitung aufgrund einer ausdr\u00fccklichen Einwilligung erfolgt, dient Abs. 1 a) der genannten Norm als Rechtsgrundlage. Soweit wir im Einzelfall zur Datenverarbeitung rechtlich verpflichtet sind, ist hierf\u00fcr Art. 6 Abs. 1 c) DSGVO die Grundlage; im dem Fall, dass die Verarbeitung der Wahrung unserer berechtigten Interessen dient, Art. 6 Abs. 1 f) DSGVO.<\/p>\n<p><b>Zweck und Dauer der Datenverarbeitung:<\/b><br>\nDie automatische Erfassung Ihrer Nutzer- und Kommunikationsdaten beim Besuch unserer Website dient notwendigerweise der Herstellung der technischen Verbindung und Nutzbarkeit unserer Website. Soweit Sie uns \u00fcber unsere Homepage eine E-Mail schicken, dient die Erfassung der in diesem Zusammenhang bekannt gegebenen Kontaktdaten (in der Regel nur Name und E-Mail-Adresse) lediglich der entsprechenden R\u00fcckmeldung unsererseits. Eventuelle zus\u00e4tzliche Angaben, die Sie uns \u00fcbermitteln, werden allein dem Zweck und Anlass entsprechend verarbeitet. Nach Wegfall des Grundes f\u00fcr die Speicherung, werden die Daten unverz\u00fcglich gel\u00f6scht oder \u2013 sofern im Einzelfall erforderlich \u2013 gesperrt.<\/p>\n<p>Wenn Sie unser Formular f\u00fcr einen Antrag auf Vereinsmitgliedschaft und Fragebogen nutzen und uns zusenden, werden Ihre dort gemachten Angaben allein zur Begr\u00fcndung und Durchf\u00fchrung des mitgliedschaftlichen Vertragsverh\u00e4ltnisses verwendet. Diese Daten werden lediglich f\u00fcr die Dauer der Vereinsmitgliedschaft im Rahmen unserer Mitgliederverwaltung gespeichert und ausschlie\u00dflich hierf\u00fcr genutzt. Nach Beendigung der Mitgliedschaft werden die Daten gel\u00f6scht oder \u2013 soweit notwendig \u2013 gesperrt. Eine Weitergabe dieser Daten an Dritte erfolgt nicht, es sei denn, das einzelne Mitglied hat sich zwecks Kontaktherstellung ausdr\u00fccklich mit der Weitergabe der Daten an andere Mitglieder einverstanden erkl\u00e4rt.<\/p>\n<p>Die Informationen aus dem Fragebogen und Abfrage, ob bei Ihnen eine DBA festgestellt bzw. diagnostiziert worden ist, erfolgt ausschlie\u00dflich im Hinblick auf die Erf\u00fcllung unserer satzungsgem\u00e4\u00dfen Zwecke als Selbsthilfeorganisation. Eine Speicherung findet daher gem. Art. 9 Abs. 2 a) DSGVO nur im Falle Ihrer ausdr\u00fccklichen Einwilligung statt und dient allein dem Zweck festzustellen, in welchem Umfang die Mitgliedschaft von der betreffenden Erkrankungs-\/Behinderungsart selbst betroffen ist.<\/p>\n<p><b>Weitergabe von personenbezogenen Daten:<\/b><br>\nSofern Sie das ausdr\u00fcckliche Einverst\u00e4ndnis als Mitglied erteilt haben, werden folgende Daten an andere Mitglieder der Selbsthilfegruppe weiter gegeben: Name, PLZ, Stadt, Telefon-Nr., E-Mail Adresse. Eine Weitergabe der von Ihnen ggfs. \u00fcbermittelten personenbezogenen Daten an andere Dritte erfolgt nicht, weder zu kommerziellen noch zu nichtkommerziellen Zwecken.<\/p>\n<p><b>Datensicherheit:<\/b><br>\nWir versichern, dass wir die nach Art. 32 DSGVO erforderlichen technischen sowie organisatorischen Ma\u00dfnahmen ergriffen haben, um ein dem Risiko f\u00fcr die Rechte und Freiheiten des Nutzers angemessenes Schutzniveau zu gew\u00e4hrleisten. Dies betrifft insbesondere die Auswahl der verwendeten Hard- und Software sowie die innerorganisatorische Kontrolle und Zugriffsberechtigung.<\/p>\n<p>Nichtsdestotrotz wird vorsorglich darauf hingewiesen, dass die Daten\u00fcbertragung im Internet (z.B. per E-Mail) immer gewisse Sicherheitsl\u00fccken aufweisen und nicht vollumf\u00e4nglich vor dem Zugriff durch Dritte gesch\u00fctzt werden kann.<\/p>\n<p><b>Rechte des Betroffenen:<\/b><br>\nSie haben hinsichtlich der Verarbeitung Ihrer eventuell erfassten personenbezogenen Daten nach den geltenden datenschutzrechtlichen Bestimmungen insbesondere einen Anspruch auf:<\/p>\n<p>Information und Auskunft \u00fcber die von uns vorgenommene Verarbeitung Ihrer personenbezogenen Daten (Art. 15 DSGVO),<\/p>\n<p>auf Berichtigung und Vervollst\u00e4ndigung bez\u00fcglich unrichtiger bzw. unvollst\u00e4ndiger Daten (Art. 16 DSGVO) und auf L\u00f6schung nach Ma\u00dfgabe des Art. 17 DSGVO bzw. auf Einschr\u00e4nkung nach Art. 18 DSGVO.<\/p>\n<p><b>Widerspruch und Widerruf von Einwilligungen: <\/b><br>\nSoweit Ihre personenbezogenen Daten im Rahmen des Art. 6 Abs. 1 f) DSGVO erhoben und verarbeitet werden (d.h. bei Vorliegen berechtigter Interessen des Verantwortlichen), haben Sie nach Art. 21 DSGVO das Recht, hiergegen jederzeit Widerspruch einzulegen, wenn insoweit Gr\u00fcnde bestehen, die sich aus Ihrer besonderen Situation ergeben, oder wenn sich der Widerspruch gegen eine Direktwerbung richtet.<\/p>\n<p>Soweit eine Datenverarbeitung aufgrund Ihrer diesbez\u00fcglichen vorherigen Einwilligung erfolgt ist, steht es Ihnen jederzeit frei, Ihre Einwilligung in den betreffenden Datenverarbeitungsvorgang zu widerrufen.<\/p>\n<p>Sowohl f\u00fcr den Widerspruch als auch f\u00fcr den Widerruf gen\u00fcgt eine einfache Mitteilung per E-Mail an den Vorstand. Die betreffenden personenbezogenen Daten werden dann unverz\u00fcglich gel\u00f6scht.<\/p>\n<p><b>Beschwerderecht:<\/b><br>\nNach Art. 77 DSGVO hat ein Betroffener im Falle eines datenschutzrechtlichen Versto\u00dfes das Recht, sich mit einer entsprechenden Beschwerde an die zust\u00e4ndige Aufsichtsbeh\u00f6rde zu wenden. Hierbei handelt es sich um die Berliner Beauftragte f\u00fcr Datenschutz und Informationsfreiheit.<\/p>\n<p><b>Verschl\u00fcsselung:<\/b><br>\nAus Sicherheitsgr\u00fcnden nutzen wir auf unserer Seite eine SSL- bzw. TLS-Verschl\u00fcsselung, was Sie an dem Schloss-Symbol in der Browserzeile sowie an der Abk\u00fcrzung \u201ehttps:\/\/\u201c (statt \u201ehttp:\/\/\u201c) erkennen k\u00f6nnen. Ist die Verschl\u00fcsselung aktiv, k\u00f6nnen Daten bzw. inhaltliche Angaben, die Sie an uns \u00fcbermitteln, von Dritten nicht mitgelesen werden.<\/p>\n<p><b>Cookies:<\/b><br>\nWir setzen auf unserer Seite Cookies ein. Hierbei handelt es sich um kleine Dateien, die Ihr Browser automatisch erstellt und die auf Ihrem Endger\u00e4t (Laptop, Tablet, Smartphone o.\u00e4.) gespeichert werden, wenn Sie unsere Seite besuchen. Cookies richten auf Ihrem Endger\u00e4t keinen Schaden an, enthalten keine Viren, Trojaner oder sonstige Schadsoftware.<\/p>\n<p>In dem Cookie werden Informationen abgelegt, die sich jeweils im Zusammenhang mit dem spezifisch eingesetzten Endger\u00e4t ergeben. Dies bedeutet jedoch nicht, dass wir dadurch unmittelbar Kenntnis von Ihrer Identit\u00e4t erhalten.<\/p>\n<p>Der Einsatz von Cookies dient einerseits dazu, die Nutzung unseres Angebots f\u00fcr Sie angenehmer zu gestalten. So setzen wir sogenannte Session-Cookies ein, um zu erkennen, dass Sie einzelne Seiten unserer Website bereits besucht haben. Diese werden nach Verlassen unserer Seite automatisch gel\u00f6scht.<\/p>\n<p>Dar\u00fcber hinaus setzen wir ebenfalls zur Optimierung der Benutzerfreundlichkeit tempor\u00e4re Cookies ein, die f\u00fcr einen bestimmten festgelegten Zeitraum auf Ihrem Endger\u00e4t gespeichert werden. Besuchen Sie unsere Seite erneut, um unsere Dienste in Anspruch zu nehmen, wird automatisch erkannt, dass Sie bereits bei uns waren und welche Eingaben und Einstellungen sie get\u00e4tigt haben, um diese nicht noch einmal eingeben zu m\u00fcssen.<\/p>\n<p>Zum anderen setzten wir Cookies ein, um die Nutzung unserer Website statistisch zu erfassen, Ihnen den Zugang zu unserem passwortgesch\u00fctzen Mitgliedereich zu erm\u00f6glichen und zum Zwecke der Optimierung unseres Angebotes f\u00fcr Sie auszuwerten. Diese Cookies erm\u00f6glichen es uns, bei einem erneuten Besuch unserer Seite automatisch zu erkennen, dass Sie bereits bei uns waren. Diese Cookies werden nach einer jeweils definierten Zeit automatisch gel\u00f6scht.<\/p>\n<p>Die durch Cookies verarbeiteten Daten sind f\u00fcr die genannten Zwecke zur Wahrung unserer berechtigten Interessen sowie der Dritter nach Art. 6 Abs. 1 S. 1 lit. f DSGVO erforderlich.<\/p>\n<p>Die meisten Browser akzeptieren Cookies automatisch. Sie k\u00f6nnen Ihren Browser jedoch so konfigurieren, dass keine Cookies auf Ihrem Computer gespeichert werden oder stets ein Hinweis erscheint, bevor ein neuer Cookie angelegt wird. Die vollst\u00e4ndige Deaktivierung von Cookies kann jedoch dazu f\u00fchren, dass Sie nicht alle Funktionen unserer Website nutzen k\u00f6nnen.<\/p>\t\t\t\t\t\t\t\t<\/div>\n\t\t\t\t<\/div>\n\t\t\t\t\t<\/div>\n\t\t<\/div>\n\t\t\t\t\t<\/div>\n\t\t<\/section>\n\t\t\t\t<section class=\"elementor-section elementor-top-section elementor-element elementor-element-6f10d03 elementor-section-boxed elementor-section-height-default elementor-section-height-default\" data-id=\"6f10d03\" data-element_type=\"section\">\n\t\t\t\t\t\t<div class=\"elementor-container elementor-column-gap-default\">\n\t\t\t\t\t<div class=\"elementor-column elementor-col-100 elementor-top-column elementor-element elementor-element-962f1b5\" data-id=\"962f1b5\" data-element_type=\"column\">\n\t\t\t<div class=\"elementor-widget-wrap elementor-element-populated\">\n\t\t\t\t\t\t<div class=\"elementor-element elementor-element-01b0689 elementor-widget elementor-widget-html\" data-id=\"01b0689\" data-element_type=\"widget\" data-widget_type=\"html.default\">\n\t\t\t\t<div class=\"elementor-widget-container\">\n\t\t\t\t\t<b>Cookie-Details:<\/b>\n<script id=\"CookieDeclaration\" src=\"https:\/\/consent.cookiebot.com\/1f11b121-c0df-4b83-b86d-770d024098e6\/cd.js\" type=\"text\/javascript\" async><\/script>\t\t\t\t<\/div>\n\t\t\t\t<\/div>\n\t\t\t\t\t<\/div>\n\t\t<\/div>\n\t\t\t\t\t<\/div>\n\t\t<\/section>\n\t\t\t\t<section class=\"elementor-section elementor-top-section elementor-element elementor-element-49bfe66 elementor-section-boxed elementor-section-height-default elementor-section-height-default\" data-id=\"49bfe66\" data-element_type=\"section\">\n\t\t\t\t\t\t<div class=\"elementor-container elementor-column-gap-default\">\n\t\t\t\t\t<div class=\"elementor-column elementor-col-100 elementor-top-column elementor-element elementor-element-e2c3b5a\" data-id=\"e2c3b5a\" data-element_type=\"column\">\n\t\t\t<div class=\"elementor-widget-wrap elementor-element-populated\">\n\t\t\t\t\t\t<div class=\"elementor-element elementor-element-99fed34 elementor-widget elementor-widget-text-editor\" data-id=\"99fed34\" data-element_type=\"widget\" data-widget_type=\"text-editor.default\">\n\t\t\t\t<div class=\"elementor-widget-container\">\n\t\t\t\t\t\t\t\t\t<p><b>Datenschutzbestimmungen zu Einsatz und Verwendung von Font Awesome:<\/b><br \/>Diese Seite nutzt zur einheitlichen Darstellung von Schriftarten so genannte Web Fonts, die von Fonticons, Inc. bereitgestellt werden. Beim Aufruf einer Seite l\u00e4dt Ihr Browser die ben\u00f6tigten Web Fonts in ihren Browsercache, um Texte und Schriftarten korrekt anzuzeigen.<\/p><p>Zu diesem Zweck muss der von Ihnen verwendete Browser Verbindung zu den Servern von Fonticons, Inc. aufnehmen. Hierdurch erlangt Fonticons, Inc. Kenntnis dar\u00fcber, dass \u00fcber Ihre IP-Adresse unsere Website aufgerufen wurde. Die Nutzung von Web Fonts erfolgt im Interesse einer einheitlichen und ansprechenden Darstellung unserer Online-Angebote. Dies stellt ein berechtigtes Interesse im Sinne von Art. 6 Abs. 1 lit. f DSGVO dar.<\/p><p>Wenn Ihr Browser Web Fonts nicht unterst\u00fctzt, wird eine Standardschrift von Ihrem Computer genutzt.<\/p><p>Weitere Informationen zu Font Awesome finden Sie unter https:\/\/fontawesome.com\/help und in der Datenschutzerkl\u00e4rung von Fonticons, Inc.: <a href=\"https:\/\/fontawesome.com\/privacy\" target=\"_blank\" rel=\"noopener\">https:\/\/fontawesome.com\/privacy<\/a>.<\/p><p><b>YouTube:<\/b><br \/>Unsere Seite verwendet f\u00fcr die Einbindung von Videos den Anbieter YouTube LLC , 901 Cherry Avenue, San Bruno, CA 94066, USA, vertreten durch Google Inc., 1600 Amphitheatre Parkway, Mountain View, CA 94043, USA. Normalerweise wird bereits bei Aufruf einer Seite mit eingebetteten Videos Ihre IP-Adresse an YouTube gesendet und Cookies auf Ihrem Rechner installiert. Wir haben unsere YouTube-Videos jedoch mit dem erweiterten Datenschutzmodus eingebunden (in diesem Fall nimmt YouTube immer noch Kontakt zu dem Dienst Double Klick von Google auf, doch werden dabei laut der Datenschutzerkl\u00e4rung von Google personenbezogene Daten nicht ausgewertet). Dadurch werden von YouTube keine Informationen \u00fcber die Besucher mehr gespeichert, es sei denn, sie sehen sich das Video an. Wenn Sie das Video anklicken, wird Ihre IP-Adresse an YouTube \u00fcbermittelt und YouTube erf\u00e4hrt, dass Sie das Video angesehen haben. Sind Sie bei YouTube eingeloggt, wird diese Information auch Ihrem Benutzerkonto zugeordnet (dies k\u00f6nnen Sie verhindern, indem Sie sich vor dem Aufrufen des Videos bei YouTube ausloggen).<\/p><p>Von der dann m\u00f6glichen Erhebung und Verwendung Ihrer Daten durch YouTube haben wir keine Kenntnis und darauf auch keinen Einfluss. N\u00e4here Informationen k\u00f6nnen Sie der Datenschutzerkl\u00e4rung von YouTube\u00a0 unter <a href=\"http:\/\/www.google.de\/intl\/de\/policies\/privacy\/\" target=\"_blank\" rel=\"noopener\">www.google.de\/intl\/de\/policies\/privacy\/<\/a> entnehmen. Zudem verweisen wir f\u00fcr den generellen Umgang mit und die Deaktivierung von Cookies auf unsere allgemeine Darstellung in dieser Datenschutzerkl\u00e4rung.<\/p><p><b>Google Fonts:<\/b><br \/>Auf diesen Internetseiten werden externe Schriften, Google Fonts verwendet. Google Fonts ist ein Dienst der Google Inc. (\u201eGoogle\u201c). Die Einbindung dieser Web Fonts erfolgt durch einen Serveraufruf, in der Regel ein Server von Google in den USA. Hierdurch wird an den Server \u00fcbermittelt, welche unserer Internetseiten Sie besucht haben. Auch wird die IP-Adresse des Browsers des Endger\u00e4tes des Besuchers dieser Internetseiten von Google gespeichert. N\u00e4here Informationen finden Sie in den Datenschutzhinweisen von Google, die Sie hier abrufen k\u00f6nnen:<br \/><a href=\"http:\/\/www.google.com\/fonts#AboutPlace:about\" target=\"_blank\" rel=\"noopener\">www.google.com\/fonts#AboutPlace:about<\/a><br \/><a href=\"http:\/\/www.google.com\/policies\/privacy\/\" target=\"_blank\" rel=\"noopener\">www.google.com\/policies\/privacy\/ <\/a><\/p><p><b>Dienste und Inhalte anderer Anbieter:<\/b><\/p><p>Auf unserer Internetseite k\u00f6nnen Sie Dienste und Inhalte anderer Anbieter nutzen, etwa Routenplaner oder Links zu weiterf\u00fchrenden medizinischen Informationen. Zur vollst\u00e4ndigen Darstellung der entsprechenden Inhalte ist es notwendig, Ihre IP-Adresse zu \u00fcbermitteln. Leider k\u00f6nnen wir keine Gew\u00e4hr daf\u00fcr \u00fcbernehmen, dass die IP-Adressen von den betreffenden Anbietern nicht gespeichert und verarbeitet werden. Es ist dann aber in der Regel davon auszugehen, dass eine Speicherung nur zu statistischen Zwecken stattfindet. Sollte uns bekannt werden, dass die betreffenden IP-Adressen tats\u00e4chlich gespeichert werden, wird ein entsprechender ausdr\u00fccklicher Hinweis an die Besucher unserer Webseite ergehen.<\/p><p>Soweit Sie eine Verlinkung auf unserer Webseite nutzen, die Sie zu einer anderen Webseite weiterleitet, wird f\u00fcr die Rechtm\u00e4\u00dfigkeit der dortigen Inhalte und die dortige Einhaltung des Datenschutzes keine Haftung \u00fcbernommen. Insoweit ist ausschlie\u00dflich der Betreiber der entsprechenden Homepage verantwortlich.<\/p><p><b>Kommentarfunktion:<\/b><br \/>Sie k\u00f6nnen auf unserer Webseite im vereinsinternen Forum im abgeschlossenen Mitgliederbereich Beitr\u00e4ge verfassen und die angebotene Kommentarfunktion nutzen. Dazu werden neben Ihrem entsprechenden Kommentar Ihr Name bzw. gew\u00e4hlter Nutzername, Ihre E-Mail-Adresse und der Zeitpunkt der Kommentar\u00fcbersendung gespeichert. Wir ben\u00f6tigen Ihre E-Mail-Adresse, damit wir im Bedarfsfall aufgrund Ihres erfolgten Kommentars mit Ihnen Kontakt aufnehmen k\u00f6nnen.<\/p><p>Kommentare werden aufgrund Ihrer entsprechenden Einwilligung gespeichert und dauerhaft ver\u00f6ffentlicht, soweit nicht aus rechtlichen Gr\u00fcnden (z.B. im Falle einer Beleidigung) eine sofortige L\u00f6schung erfolgen muss. Mit der L\u00f6schung Ihres Kommentars erfolgt auch die L\u00f6schung bzw. \u2013 soweit im Einzelfall erforderlich \u2013 Sperrung Ihrer E-Mail-Adresse.<\/p>\t\t\t\t\t\t\t\t<\/div>\n\t\t\t\t<\/div>\n\t\t\t\t\t<\/div>\n\t\t<\/div>\n\t\t\t\t\t<\/div>\n\t\t<\/section>\n\t\t\t\t<\/div>\n\t\t","protected":false},"excerpt":{"rendered":"<p>Datenschutzerkl\u00e4rung Datenschutz ist uns ein besonders wichtiges Anliegen, und selbstverst\u00e4ndlich halten wir uns an die geltenden datenschutzrechtlichen Vorgaben. Wir m\u00f6chten Sie daher nachfolgend \u00fcber die mit dem Besuch dieser Website verbundene Verarbeitung von personenbezogenen Daten aufkl\u00e4ren und Sie \u00fcber Ihre entsprechenden Rechte informieren: Verantwortlicher f\u00fcr die Datenverarbeitung: Verantwortlicher im Sinne des Datenschutzgesetzes Art. 4 Nr. [&hellip;]<\/p>\n","protected":false},"author":1,"featured_media":0,"parent":0,"menu_order":0,"comment_status":"closed","ping_status":"closed","template":"elementor_header_footer","meta":{"zakra_sidebar_layout":"customizer","zakra_remove_content_margin":false,"zakra_sidebar":"customizer","zakra_transparent_header":"0","zakra_logo":0,"zakra_main_header_style":"default","zakra_menu_item_color":"","zakra_menu_item_hover_color":"","zakra_menu_item_active_color":"","zakra_menu_active_style":"","zakra_page_header":true,"footnotes":""},"class_list":["post-868","page","type-page","status-publish","hentry"],"_links":{"self":[{"href":"https:\/\/diamond-blackfan.de\/index.php?rest_route=\/wp\/v2\/pages\/868","targetHints":{"allow":["GET"]}}],"collection":[{"href":"https:\/\/diamond-blackfan.de\/index.php?rest_route=\/wp\/v2\/pages"}],"about":[{"href":"https:\/\/diamond-blackfan.de\/index.php?rest_route=\/wp\/v2\/types\/page"}],"author":[{"embeddable":true,"href":"https:\/\/diamond-blackfan.de\/index.php?rest_route=\/wp\/v2\/users\/1"}],"replies":[{"embeddable":true,"href":"https:\/\/diamond-blackfan.de\/index.php?rest_route=%2Fwp%2Fv2%2Fcomments&post=868"}],"version-history":[{"count":43,"href":"https:\/\/diamond-blackfan.de\/index.php?rest_route=\/wp\/v2\/pages\/868\/revisions"}],"predecessor-version":[{"id":1674,"href":"https:\/\/diamond-blackfan.de\/index.php?rest_route=\/wp\/v2\/pages\/868\/revisions\/1674"}],"wp:attachment":[{"href":"https:\/\/diamond-blackfan.de\/index.php?rest_route=%2Fwp%2Fv2%2Fmedia&parent=868"}],"curies":[{"name":"wp","href":"https:\/\/api.w.org\/{rel}","templated":true}]}}